{"id":3,"date":"2023-08-17T12:51:40","date_gmt":"2023-08-17T10:51:40","guid":{"rendered":"http:\/\/localhost:8888\/lifesystems\/?page_id=3"},"modified":"2024-02-15T14:45:36","modified_gmt":"2024-02-15T13:45:36","slug":"datenschutzerklaerung","status":"publish","type":"page","link":"https:\/\/www.sgp-digital.de\/ls\/datenschutzerklaerung\/","title":{"rendered":"Datenschutzerkl\u00e4rung"},"content":{"rendered":"\n<p><strong>Information zum Datenschutz \u00fcber unsere Datenverarbeitung nach Artikel (Art.) 13, 14 und 21 der Datenschutz-Grundverordnung (DSGVO).<\/strong><\/p>\n\n\n\n<p>Wir nehmen den Datenschutz ernst und informieren Sie hiermit, wie wir Ihre Daten verarbeiten und welche Anspr\u00fcche und Rechte Ihnen nach den datenschutzrechtlichen Regelungen zustehen. G\u00fcltig ab 25. Mai 2018.<\/p>\n\n\n\n<h5 class=\"wp-block-heading has-blue-color has-text-color\">1. F\u00fcr die Datenverarbeitung verantwortliche Stelle und Kontaktdaten<\/h5>\n\n\n\n<p>verantwortliche Stelle im Sinne des Datenschutzrechts<\/p>\n\n\n\n<p><strong>Life Systems Medizintechnik-Service GmbH<br><\/strong>Konrad-Zuse-Ring 14a<br>41179 M\u00f6nchengladbach,<br>Tel.: +49 2 161 \u2013 4 66 60 24<br><a href=\"mailto:datenschutz@life-systems.de\">datenschutz@life-systems.de<\/a><\/p>\n\n\n\n<p>Kontaktdaten unseres Datenschutzbeauftragten:<\/p>\n\n\n\n<p><strong>HEC Harald Eul Consulting GmbH<br><\/strong>Datenschutzbeauftragter LifeSystems<br>Auf der H\u00f6he 34<br>50321 Br\u00fchl<br><a href=\"mailto:Datenschutz-LifeSystems@he-c.de\">Datenschutz-LifeSystems@he-c.de<\/a><\/p>\n\n\n\n<h5 class=\"wp-block-heading has-blue-color has-text-color\">2. Zwecke und Rechtsgrundlage, auf der wir Ihre Daten verarbeiten<\/h5>\n\n\n\n<p>Wir verarbeiten personenbezogene Daten im Einklang mit den Bestimmungen der Datenschutz-Grundverordnung (DSGVO), dem Bundesdatenschutzgesetz (BDSG) sowie anderen anwendbaren Datenschutzvorschriften (Details im Folgenden). Welche Daten im Einzelnen verarbeitet und in welcher Weise genutzt werden, richtet sich ma\u00dfgeblich nach den jeweils beantragten bzw. vereinbarten Dienstleistungen. Weitere Einzelheiten oder Erg\u00e4nzungen zu den Zwecken der Datenverarbeitung k\u00f6nnen Sie den jeweiligen Vertragsunterlagen, Formularen, einer Einwilligungserkl\u00e4rung und\/oder anderen Ihnen bereitgestellten Informationen (z. B. im Rahmen der Nutzung unserer Webseite oder unseren Gesch\u00e4ftsbedingungen) entnehmen. Dar\u00fcber hinaus kann diese Datenschutzinformation von Zeit zu Zeit aktualisiert werden, wie Sie unserer Webseite www.life-systems.de entnehmen k\u00f6nnen.<\/p>\n\n\n\n<p><strong>Zwecke zur Erf\u00fcllung eines Vertrages oder von vorvertraglichen Ma\u00dfnahmen (Art. 6 Abs. 1 b DSGVO)<\/strong><\/p>\n\n\n\n<p>Die Verarbeitung personenbezogener Daten erfolgt zur Durchf\u00fchrung unserer Vertr\u00e4ge mit Ihnen und der Ausf\u00fchrung Ihrer Auftr\u00e4ge sowie zur Durchf\u00fchrung von Ma\u00dfnahmen und T\u00e4tigkeiten im Rahmen vorvertraglicher Beziehungen, z.B. mit Interessenten. Insbesondere dient die Verarbeitung damit der Erbringung von weiteren Informationen und der Kontaktaufnahme entsprechend Ihren Auftr\u00e4gen und W\u00fcnschen und umfassen die hierf\u00fcr notwendigen Dienstleistungen, Ma\u00dfnahmen und T\u00e4tigkeiten. Dazu geh\u00f6ren im Wesentlichen die vertragsbezogene Kommunikation mit Ihnen, die Nachweisbarkeit von Transaktionen, Auftr\u00e4gen und sonstigen Vereinbarungen sowie zur Qualit\u00e4tskontrolle durch entsprechende Dokumentation, Kulanzverfahren, Ma\u00dfnahmen zur Steuerung und Optimierung von Gesch\u00e4ftsprozessen sowie zur Erf\u00fcllung der allgemeinen Sorgfaltspflichten, Steuerung und Kontrolle durch verbundene Unternehmen (z. B. Muttergesellschaft); statistische Auswertungen zur Unternehmenssteuerung, Kostenerfassung und Controlling, Berichtswesen, interne und externe Kommunikation, Notfall-Management, Abrechnung und steuerliche Bewertung betrieblicher Leistungen, Risikomanagement, Geltendmachung rechtlicher Anspr\u00fcche und Verteidigung bei rechtlichen Streitigkeiten; Gew\u00e4hrleistung der IT-Sicherheit (u. a. System- bzw. Plausibilit\u00e4tstests) und der allgemeinen Sicherheit, u. a. Geb\u00e4ude- und Anlagensicherheit, Sicherstellung und Wahrnehmung des Hausrechts (z. B. durch Zutrittskontrollen); Gew\u00e4hrleistung der Integrit\u00e4t, Authentizit\u00e4t und Verf\u00fcgbarkeit der Daten, Verhinderung und Aufkl\u00e4rung von Straftaten; Kontrolle durch Aufsichtsgremien oder Kontrollinstanzen (z. B. Revision).<\/p>\n\n\n\n<p><strong>Zwecke im Rahmen eines berechtigten Interesses von uns oder Dritten (Art. 6 Abs. 1 f DSGVO)<\/strong><\/p>\n\n\n\n<p>\u00dcber die eigentliche Erf\u00fcllung des Vertrages bzw. Vorvertrags hinaus verarbeiten wir Ihre Daten gegebenenfalls, wenn es erforderlich ist, um berechtigte Interessen von uns oder Dritten zu wahren, insbesondere f\u00fcr Zwecke:<\/p>\n\n\n\n<ul class=\"wp-block-list\">\n<li>der Werbung oder Markt- und Meinungsforschung, soweit Sie der Nutzung Ihrer Daten nicht widersprochen haben;<\/li>\n\n\n\n<li>der Pr\u00fcfung und Optimierung von Verfahren zur Bedarfsanalyse;<\/li>\n\n\n\n<li>der Anreicherung unserer Daten, u. a. durch Nutzung oder der Recherche \u00f6ffentlich zug\u00e4nglicher Daten;<\/li>\n\n\n\n<li>statistischer Auswertungen oder der Marktanalyse;<\/li>\n\n\n\n<li>des Benchmarkings;<\/li>\n\n\n\n<li>der Geltendmachung rechtlicher Anspr\u00fcche und Verteidigung bei rechtlichen Streitigkeiten, die nicht unmittelbar dem Vertragsverh\u00e4ltnis zuzuordnen sind;<\/li>\n\n\n\n<li>der eingeschr\u00e4nkten Speicherung der Daten, wenn eine L\u00f6schung wegen der besonderen Art der Speicherung nicht oder nur mit unverh\u00e4ltnism\u00e4\u00dfig hohem Aufwand m\u00f6glich ist;<\/li>\n<\/ul>\n\n\n\n<p><strong>Zwecke im Rahmen Ihrer Einwilligung (Art. 6 Abs. 1 a DSGVO)<\/strong><\/p>\n\n\n\n<p>Eine Verarbeitung Ihrer personenbezogenen Daten f\u00fcr bestimmte Zwecke (z. B. Nutzung Ihrer E-Mail-Adresse f\u00fcr Marketingzwecke) kann auch aufgrund Ihrer Einwilligung erfolgen. In der Regel k\u00f6nnen Sie diese jederzeit widerrufen. Dies gilt auch f\u00fcr den Widerruf von Einwilligungserkl\u00e4rungen, die vor der Geltung der DSGVO, also vor dem 25. Mai 2018, uns gegen\u00fcber erteilt worden sind. \u00dcber die Zwecke und \u00fcber die Konsequenzen eines Widerrufs oder der Nichterteilung einer Einwilligung werden Sie gesondert im entsprechenden Text der Einwilligung informiert.<br>Grunds\u00e4tzlich gilt, dass der Widerruf einer Einwilligung erst f\u00fcr die Zukunft wirkt. Verarbeitungen, die vor dem Widerruf erfolgt sind, sind davon nicht betroffen und bleiben rechtm\u00e4\u00dfig.<\/p>\n\n\n\n<p><strong>Zwecke zur Erf\u00fcllung gesetzlicher Vorgaben (Art. 6 Abs. 1 c DSGVO) oder im \u00f6ffentlichen Interesse (Art. 6 Abs. 1 e DSGVO)<\/strong><\/p>\n\n\n\n<p>Wie jeder, der sich am Wirtschaftsgeschehen beteiligt, unterliegen auch wir einer Vielzahl von rechtlichen Verpflichtungen. Prim\u00e4r sind dies gesetzliche Anforderungen (z. B. Handels- und Steuergesetze), aber auch ggf. aufsichtsrechtliche oder andere beh\u00f6rdliche Vorgaben (z.B: R\u00f6V , o.\u00e4.) Zu den Zwecken der Verarbeitung geh\u00f6ren ggf. die Identit\u00e4ts- und Alterspr\u00fcfung, Betrugs- und Geldw\u00e4schepr\u00e4vention, die Verhinderung, Bek\u00e4mpfung und Aufkl\u00e4rung der Terrorismusfinanzierung und verm\u00f6gensgef\u00e4hrdender Straftaten, Abgleiche mit europ\u00e4ischen und internationalen Antiterrorlisten, die Erf\u00fcllung steuerrechtlicher Kontroll- und Meldepflichten sowie die Archivierung von Daten zu Zwecken des Datenschutzes und der Datensicherheit sowie der Pr\u00fcfung durch Steuer- und andere Beh\u00f6rden. Dar\u00fcber hinaus kann die Offenlegung personenbezogener Daten im Rahmen von beh\u00f6rdlichen\/gerichtlichen Ma\u00dfnahmen zu Zwecken der Beweiserhebung, Strafverfolgung oder Durchsetzung zivilrechtlicher Anspr\u00fcche erforderlich werden.<\/p>\n\n\n\n<h5 class=\"wp-block-heading has-blue-color has-text-color\">3. Die von uns verarbeiteten Datenkategorien, soweit wir Daten nicht unmittelbar von Ihnen erhalten, und deren Herkunft<\/h5>\n\n\n\n<p>Soweit dies f\u00fcr die Erbringung unserer Dienstleistungen erforderlich ist, verarbeiten wir von anderen Unternehmen oder sonstigen Dritten (z. B. Auskunfteien, Adressverlage) zul\u00e4ssigerweise erhaltene personenbezogene Daten. Zudem verarbeiten wir personenbezogene Daten, die wir aus \u00f6ffentlich zug\u00e4nglichen Quellen (wie z.B. Telefonverzeichnisse, Handels- und Vereinsregister, Presse, Internet und andere Medien) zul\u00e4ssigerweise entnommen, erhalten oder erworben haben und verarbeiten d\u00fcrfen.<br>Relevante personenbezogene Datenkategorien k\u00f6nnen insbesondere sein:<\/p>\n\n\n\n<ul class=\"wp-block-list\">\n<li>Personendaten (Name, Beruf\/Branche und vergleichbare Daten)<\/li>\n\n\n\n<li>Kontaktdaten (Adresse, E-Mail-Adresse, Telefonnummer und vergleichbare Daten)<\/li>\n\n\n\n<li>Adressdaten (Meldedaten und vergleichbare Daten)<\/li>\n\n\n\n<li>Daten \u00fcber Ihre Nutzung der von uns angebotenen Telemedien (z.B. Zeitpunkt des Aufrufs unserer Webseiten, Apps oder Newsletter, angeklickte Seiten\/Links von uns bzw. Eintr\u00e4ge und vergleichbare Daten)<\/li>\n<\/ul>\n\n\n\n<h5 class=\"wp-block-heading has-blue-color has-text-color\">4. Empf\u00e4nger oder Kategorien von Empf\u00e4ngern Ihrer Daten<\/h5>\n\n\n\n<p>Innerhalb unseres Hauses erhalten diejenigen internen Stellen bzw. Organisationseinheiten Ihre Daten, die diese zur Erf\u00fcllung unserer vertraglichen und gesetzlichen Pflichten oder im Rahmen der Bearbeitung und Umsetzung unseres berechtigten Interesses ben\u00f6tigen. Eine Weitergabe Ihrer Daten an externe Stellen erfolgt nicht.<\/p>\n\n\n\n<h5 class=\"wp-block-heading has-blue-color has-text-color\">5. Dauer der Speicherung Ihrer Daten<\/h5>\n\n\n\n<p>Wir verarbeiten und speichern Ihre Daten f\u00fcr die Dauer unserer Gesch\u00e4ftsbeziehung. Das schlie\u00dft auch die Anbahnung eines Vertrages (vorvertragliches Rechtsverh\u00e4ltnis) und die Abwicklung eines Vertrages mit ein.<\/p>\n\n\n\n<p>Dar\u00fcber hinaus unterliegen wir verschiedenen Aufbewahrungs- und Dokumentationspflichten, die sich u. a. aus dem Handelsgesetzbuch (HGB) und der Abgabenordnung (AO) ergeben. Die dort vorgegebenen Fristen zur Aufbewahrung bzw. Dokumentation betragen bis zehn Jahre \u00fcber das Ende der Gesch\u00e4ftsbeziehung bzw. des vorvertraglichen Rechtsverh\u00e4ltnisses hinaus.<\/p>\n\n\n\n<p>Ferner k\u00f6nnen spezielle gesetzliche Vorschriften eine l\u00e4ngere Aufbewahrungsdauer erfordern, wie z.B. die Erhaltung von Beweismitteln im Rahmen der gesetzlichen Verj\u00e4hrungsvorschriften. Nach den \u00a7\u00a7 195 ff. des B\u00fcrgerlichen Gesetzbuches (BGB) betr\u00e4gt die regelm\u00e4\u00dfige Verj\u00e4hrungsfrist zwar drei Jahre; es k\u00f6nnen aber auch Verj\u00e4hrungsfristen von bis zu 30 Jahren anwendbar sein.<\/p>\n\n\n\n<p>Sind die Daten f\u00fcr die Erf\u00fcllung vertraglicher oder gesetzlicher Pflichten und Rechte nicht mehr erforderlich, werden diese regelm\u00e4\u00dfig gel\u00f6scht, es sei denn, deren \u2013 befristete \u2013 Weiterverarbeitung ist zur Erf\u00fcllung der unter Ziffer 2.2 aufgef\u00fchrten Zwecke aus einem \u00fcberwiegenden berechtigten Interesse erforderlich. Ein solches \u00fcberwiegendes berechtigtes Interesse liegt z.B. auch dann vor, wenn eine L\u00f6schung wegen der besonderen Art der Speicherung nicht oder nur mit unverh\u00e4ltnism\u00e4\u00dfig hohem Aufwand m\u00f6glich ist und eine Verarbeitung zu anderen Zwecken durch geeignete technische und organisatorische Ma\u00dfnahmen ausgeschlossen ist.<\/p>\n\n\n\n<h5 class=\"wp-block-heading has-blue-color has-text-color has-link-color wp-elements-119922c2fb54cee79ed150604e2df340\">6. Unsere Social-Media-Auftritte<\/h5>\n\n\n\n<p>Datenverarbeitung durch soziale Netzwerke<\/p>\n\n\n\n<p>Wir unterhalten \u00f6ffentlich zug\u00e4ngliche Profile in sozialen Netzwerken. Die im Einzelnen von uns genutzten sozialen Netzwerke finden Sie weiter unten.<\/p>\n\n\n\n<p>Soziale Netzwerke wie Facebook, Twitter etc. k\u00f6nnen Ihr Nutzerverhalten in der Regel umfassend analysieren, wenn Sie deren Website oder eine Website mit integrierten Social-Media-Inhalten (z. B. Like-Buttons oder Werbebannern) besuchen. Durch den Besuch unserer Social-Media-Pr\u00e4senzen werden zahlreiche datenschutzrelevante Verarbeitungsvorg\u00e4nge ausgel\u00f6st. <\/p>\n\n\n\n<p>Im Einzelnen:<br>Wenn Sie in Ihrem Social-Media-Account eingeloggt sind und unsere Social-Media-Pr\u00e4senz besuchen, kann der Betreiber des Social-Media-Portals diesen Besuch Ihrem Benutzerkonto zuordnen. Ihre personenbezogenen Daten k\u00f6nnen unter Umst\u00e4nden aber auch dann erfasst werden, wenn Sie nicht eingeloggt sind oder keinen Account beim jeweiligen Social-Media-Portal besitzen. Diese Datenerfassung erfolgt in diesem Fall beispielsweise \u00fcber Cookies, die auf Ihrem Endger\u00e4t gespeichert werden oder durch Erfassung Ihrer IP-Adresse.<\/p>\n\n\n\n<p>Mit Hilfe der so erfassten Daten k\u00f6nnen die Betreiber der Social-Media-Portale Nutzerprofile erstellen, in denen Ihre Pr\u00e4ferenzen und Interessen hinterlegt sind. Auf diese Weise kann Ihnen interessenbezogene Werbung in- und au\u00dferhalb der jeweiligen Social-Media-Pr\u00e4senz angezeigt werden. Sofern Sie \u00fcber einen Account beim jeweiligen sozialen Netzwerk verf\u00fcgen, kann die interessenbezogene Werbung auf allen Ger\u00e4ten angezeigt werden, auf denen Sie eingeloggt sind oder eingeloggt waren.<br>Bitte beachten Sie au\u00dferdem, dass wir nicht alle Verarbeitungsprozesse auf den Social-Media-Portalen nachvollziehen k\u00f6nnen. Je nach Anbieter k\u00f6nnen daher ggf. weitere Verarbeitungsvorg\u00e4nge von den Betreibern der Social-Media-Portale durchgef\u00fchrt werden. Details hierzu entnehmen Sie den Nutzungsbedingungen und Datenschutzbestimmungen der jeweiligen Social-Media-Portale.<\/p>\n\n\n\n<p>Rechtsgrundlage\u2028Unsere Social-Media-Auftritte sollen eine m\u00f6glichst umfassende Pr\u00e4senz im Internet gew\u00e4hrleisten. Hierbei handelt es sich um ein berechtigtes Interesse im Sinne von Art. 6 Abs. 1 lit. f DSGVO. Die von den sozialen Netzwerken initiierten Analyseprozesse beruhen ggf. auf abweichenden Rechtsgrundlagen, die von den Betreibern der sozialen Netzwerke anzugeben sind (z. B. Einwilligung im Sinne des Art. 6 Abs. 1 lit. a DSGVO).\u2028\u2028Verantwortlicher und Geltendmachung von Rechten\u2028Wenn Sie einen unserer Social-Media-Auftritte (z. B. Facebook) besuchen, sind wir gemeinsam mit dem Betreiber der Social-Media-Plattform f\u00fcr die bei diesem Besuch ausgel\u00f6sten Datenverarbeitungsvorg\u00e4nge verantwortlich. Sie k\u00f6nnen Ihre Rechte (Auskunft, Berichtigung, L\u00f6schung, Einschr\u00e4nkung der Verarbeitung, Daten\u00fcbertragbarkeit und Beschwerde) grunds\u00e4tzlich sowohl gg\u00fc. uns als auch gg\u00fc. dem Betreiber des jeweiligen Social-Media-Portals (z. B. gg\u00fc. Facebook) geltend machen.<\/p>\n\n\n\n<p>Bitte beachten Sie, dass wir trotz der gemeinsamen Verantwortlichkeit mit den Social-Media-Portal-Betreibern nicht vollumf\u00e4nglich Einfluss auf die Datenverarbeitungsvorg\u00e4nge der Social-Media-Portale haben. Unsere M\u00f6glichkeiten richten sich ma\u00dfgeblich nach der Unternehmenspolitik des jeweiligen Anbieters.<br>Speicherdauer\u2028Die unmittelbar von uns \u00fcber die Social-Media-Pr\u00e4senz erfassten Daten werden von unseren Systemen gel\u00f6scht, sobald Sie uns zur L\u00f6schung auffordern, Ihre Einwilligung zur Speicherung widerrufen oder der Zweck f\u00fcr die Datenspeicherung entf\u00e4llt. Gespeicherte Cookies verbleiben auf Ihrem Endger\u00e4t, bis Sie sie l\u00f6schen. Zwingende gesetzliche Bestimmungen \u2013 insb. Aufbewahrungsfristen \u2013 bleiben unber\u00fchrt.<br>Auf die Speicherdauer Ihrer Daten, die von den Betreibern der sozialen Netzwerke zu eigenen Zwecken gespeichert werden, haben wir keinen Einfluss. F\u00fcr Einzelheiten dazu informieren Sie sich bitte direkt bei den Betreibern der sozialen Netzwerke (z. B. in deren Datenschutzerkl\u00e4rung, siehe unten).<br><\/p>\n\n\n\n<p>Soziale Netzwerke im Einzelnen<\/p>\n\n\n\n<p>Instagram<\/p>\n\n\n\n<p>Wir verf\u00fcgen \u00fcber ein Profil bei Instagram. Anbieter dieses Dienstes ist die Meta Platforms Ireland Limited, 4 Grand Canal Square, Grand Canal Harbour, Dublin 2, Irland.<br>Die Daten\u00fcbertragung in die USA wird auf die Standardvertragsklauseln der EU-Kommission gest\u00fctzt.<br>Details finden Sie hier:<br><a href=\"https:\/\/www.facebook.com\/legal\/EU_data_transfer_addendum\" target=\"_blank\" rel=\"noreferrer noopener\">https:\/\/www.facebook.com\/legal\/EU_data_transfer_addendum<\/a>,<br><a href=\"https:\/\/privacycenter.instagram.com\/policy\/\" target=\"_blank\" rel=\"noreferrer noopener\">https:\/\/privacycenter.instagram.com\/policy\/<\/a> und<br><a href=\"https:\/\/de-de.facebook.com\/help\/566994660333381\" target=\"_blank\" rel=\"noreferrer noopener\">https:\/\/de-de.facebook.com\/help\/566994660333381<\/a><br>Details zu deren Umgang mit Ihren personenbezogenen Daten entnehmen Sie der Datenschutzerkl\u00e4rung<br>von Instagram:<br>https:\/\/privacycenter.instagram.com\/policy\/.<br>Das Unternehmen verf\u00fcgt \u00fcber eine Zertifizierung nach dem \u201eEU-US Data Privacy Framework\u201c (DPF). Der<br>DPF ist ein \u00dcbereinkommen zwischen der Europ\u00e4ischen Union und den USA, der die Einhaltung europ\u00e4ischer Datenschutzstandards bei Datenverarbeitungen in den USA gew\u00e4hrleisten soll. Jedes nach<br>dem DPF zertifizierte Unternehmen verpflichtet sich, diese Datenschutzstandards einzuhalten. Weitere<br>Informationen hierzu erhalten Sie vom Anbieter unter folgendem Link:<br><a href=\"https:\/\/www.dataprivacyframework.gov\/s\/participant-search\/participant- detail?contact=true&amp;id=a2zt0000000GnywAAC&amp;status=Active\" target=\"_blank\" rel=\"noreferrer noopener\">https:\/\/www.dataprivacyframework.gov\/s\/participant-search\/participant-<br>detail?contact=true&amp;id=a2zt0000000GnywAAC&amp;status=Active<\/a><\/p>\n\n\n\n<p>LinkedIn\u2028<\/p>\n\n\n\n<p>Wir verf\u00fcgen \u00fcber ein Profil bei LinkedIn. Anbieter ist die LinkedIn Ireland Unlimited Company, Wilton Plaza, Wilton Place, Dublin 2, Irland. LinkedIn verwendet Werbecookies.<br>Wenn Sie LinkedIn-Werbe-Cookies deaktivieren m\u00f6chten, nutzen Sie bitte folgenden Link:\u00a0<a href=\"https:\/\/www.linkedin.com\/psettings\/guest-controls\/retargeting-opt-out\" target=\"_blank\" rel=\"noreferrer noopener\">https:\/\/www.linkedin.com\/psettings\/guest-controls\/retargeting-opt-out<\/a>.<br>Die Daten\u00fcbertragung in die USA wird auf die Standardvertragsklauseln der EU-Kommission gest\u00fctzt. Details finden Sie hier:\u00a0<a href=\"https:\/\/www.linkedin.com\/legal\/l\/dpa\u00a0und\u00a0https:\/\/www.linkedin.com\/legal\/l\/eu-sccs\" target=\"_blank\" rel=\"noreferrer noopener\">https:\/\/www.linkedin.com\/legal\/l\/dpa\u00a0und\u00a0https:\/\/www.linkedin.com\/legal\/l\/eu-sccs<\/a>.<br>Details zu deren Umgang mit Ihren personenbezogenen Daten entnehmen Sie der Datenschutzerkl\u00e4rung von LinkedIn:\u00a0<a href=\"https:\/\/www.linkedin.com\/legal\/privacy-policy.\" target=\"_blank\" rel=\"noreferrer noopener\">https:\/\/www.linkedin.com\/legal\/privacy-policy.<\/a><\/p>\n\n\n\n<h5 class=\"wp-block-heading has-blue-color has-text-color\">7. Verarbeitung Ihrer Daten in einem Drittland oder durch eine internationale Organisation<\/h5>\n\n\n\n<p>Eine Daten\u00fcbermittlung an Stellen in Staaten au\u00dferhalb der Europ\u00e4ischen Union (EU) bzw. des Europ\u00e4ischen Wirtschaftsraums (EWR) (sogenannte Drittl\u00e4nder) erfolgt dann, wenn es zur Ausf\u00fchrung eines Auftrages\/Vertrags von bzw. mit Ihnen erforderlich sein sollte, es gesetzlich vorgeschrieben ist (z.B. steuerrechtliche Meldepflichten), es im Rahmen eines berechtigten Interesses von uns oder eines Dritten liegt oder Sie uns eine Einwilligung erteilt haben.<\/p>\n\n\n\n<p>Dabei kann die Verarbeitung Ihrer Daten in einem Drittland auch im Zusammenhang mit der Einschaltung von Dienstleistern im Rahmen der Auftragsverarbeitung erfolgen. Soweit f\u00fcr das betreffende Land kein Beschluss der EU-Kommission \u00fcber ein dort vorliegendes angemessenes Datenschutzniveau vorliegen sollte, gew\u00e4hrleisten wir nach den EU-Datenschutzvorgaben durch entsprechende Vertr\u00e4ge, dass ihre Rechte und Freiheiten angemessen gesch\u00fctzt und garantiert werden. Entsprechende Detailinformationen stellen wir Ihnen auf Anfrage zur Verf\u00fcgung.<\/p>\n\n\n\n<p>Informationen zu den geeigneten oder angemessenen Garantien und zu der M\u00f6glichkeit, eine Kopie von Ihnen zu erhalten, k\u00f6nnen auf Anfrage beim betrieblichen Datenschutzbeauftragten angefordert werden.<\/p>\n\n\n\n<h5 class=\"wp-block-heading has-blue-color has-text-color\">8. Ihre Datenschutzrechte<\/h5>\n\n\n\n<p><strong>Unter bestimmten Voraussetzungen k\u00f6nnen Sie uns gegen\u00fcber Ihre Datenschutzrechte geltend machen<\/strong><\/p>\n\n\n\n<p>So haben Sie das Recht, von uns Auskunft \u00fcber Ihre bei uns gespeicherten Daten nach den Regeln von Art. 15 DSGVO (ggf. mit Einschr\u00e4nkungen nach \u00a7 34 BDSG) zu erhalten.<\/p>\n\n\n\n<p>Auf Ihren Antrag hin werden wir die \u00fcber Sie gespeicherten Daten nach Art. 16 DSGVO berichtigen, wenn diese unzutreffend oder fehlerhaft sind.<\/p>\n\n\n\n<p>Wenn Sie es w\u00fcnschen, werden wir Ihre Daten nach den Grunds\u00e4tzen von Art. 17 DSGVO l\u00f6schen, sofern andere gesetzliche Regelungen (z.B. gesetzliche Aufbewahrungspflichten oder die Einschr\u00e4nkungen nach \u00a7 35 BDSG) oder ein \u00fcberwiegendes Interesse unsererseits (z. B. zur Verteidigung unserer Rechte und Anspr\u00fcche) dem nicht entgegenstehen.<\/p>\n\n\n\n<p>Unter Ber\u00fccksichtigung der Voraussetzungen des Art. 18 DSGVO k\u00f6nnen Sie von uns verlangen, die Verarbeitung Ihrer Daten einzuschr\u00e4nken.<\/p>\n\n\n\n<p>Ferner k\u00f6nnen Sie gegen die Verarbeitung Ihrer Daten Widerspruch nach Art. 21 DSGVO einlegen, aufgrund dessen wir die Verarbeitung Ihrer Daten beenden m\u00fcssen. Dieses Widerspruchsrecht gilt allerdings nur bei Vorliegen ganz besonderer Umst\u00e4nde Ihrer pers\u00f6nlichen Situation, wobei Rechte unseres Hauses Ihrem Widerspruchsrecht ggf. entgegenstehen k\u00f6nnen.<\/p>\n\n\n\n<p>Auch haben Sie das Recht, Ihre Daten unter den Voraussetzungen von Art. 20 DSGVO in einem strukturierten, g\u00e4ngigen und maschinenlesbaren Format zu erhalten oder sie einem Dritten zu \u00fcbermitteln.<\/p>\n\n\n\n<p>Dar\u00fcber hinaus haben Sie das Recht, eine erteilte Einwilligung in die Verarbeitung personenbezogener Daten jederzeit uns gegen\u00fcber mit Wirkung f\u00fcr die Zukunft zu widerrufen (vgl. Ziffer 2.3).<\/p>\n\n\n\n<p>Ferner steht Ihnen ein Beschwerderecht bei einer Datenschutzaufsichtsbeh\u00f6rde zu (Art. 77 DSGVO). Wir empfehlen allerdings, eine Beschwerde zun\u00e4chst immer an unseren Datenschutzbeauftragten zu richten.<\/p>\n\n\n\n<p><strong>Ihre Antr\u00e4ge \u00fcber die Aus\u00fcbung ihrer Rechte sollten nach M\u00f6glichkeit schriftlich an die oben angegebene Anschrift oder direkt an unseren Datenschutzbeauftragten adressiert werden.<\/strong><\/p>\n\n\n\n<h5 class=\"wp-block-heading has-blue-color has-text-color\">9. Umfang Ihrer Pflichten, uns Ihre Daten bereitzustellen<\/h5>\n\n\n\n<p>Sie brauchen nur diejenigen Daten bereitstellen, die f\u00fcr die Aufnahme und Durchf\u00fchrung einer Gesch\u00e4ftsbeziehung oder f\u00fcr ein vorvertragliches Verh\u00e4ltnis mit uns erforderlich sind oder zu deren Erhebung wir gesetzlich verpflichtet sind. Ohne diese Daten werden wir in der Regel nicht in der Lage sein, den Vertrag zu schlie\u00dfen oder auszuf\u00fchren. Dies kann sich auch auf sp\u00e4ter im Rahmen der Gesch\u00e4ftsbeziehung erforderliche Daten beziehen. Sofern wir dar\u00fcber hinaus Daten von Ihnen erbitten, werden Sie auf die Freiwilligkeit der Angaben gesondert hingewiesen.<\/p>\n\n\n\n<p><strong>Information \u00fcber Ihr Widerspruchsrecht Art. 21 DSGVO<\/strong><\/p>\n\n\n\n<p><strong>Sie haben das Recht, jederzeit gegen die Verarbeitung Ihrer Daten, die aufgrund von Art. 6 Abs. 1 f DSGVO (Datenverarbeitung auf der Grundlage einer Interessenabw\u00e4gung) oder Art. 6 Abs. 1 e DSGVO (Datenverarbeitung im \u00f6ffentlichen Interesse) erfolgt, Widerspruch einzulegen, wenn daf\u00fcr Gr\u00fcnde vorliegen, die sich aus Ihrer besonderen Situation ergeben. Dies gilt auch f\u00fcr ein auf diese Bestimmung gest\u00fctztes Profiling im Sinne von Art. 4 Nr. 4 DSGVO. Legen Sie Widerspruch ein, werden wir Ihre personenbezogenen Daten nicht mehr verarbeiten, es sei denn, wir k\u00f6nnen zwingende schutzw\u00fcrdige Gr\u00fcnde f\u00fcr die Verarbeitung nachweisen, die Ihre Interessen, Rechte und Freiheiten \u00fcberwiegen, oder die Verarbeitung dient der Geltendmachung, Aus\u00fcbung oder Verteidigung von Rechtsanspr\u00fcchen.<\/strong><\/p>\n\n\n\n<p>Wir verarbeiten Ihre personenbezogenen Daten ggf. auch, um Direktwerbung zu betreiben. Sofern Sie keine Werbung erhalten m\u00f6chten, haben Sie jederzeit das Recht, Widerspruch dagegen einzulegen; dies gilt auch f\u00fcr das Profiling, soweit es mit solcher Direktwerbung in Verbindung steht. Diesen Widerspruch werden wir f\u00fcr die Zukunft beachten. Ihre Daten werden wir nicht mehr f\u00fcr Zwecke der Direktwerbung verarbeiten, wenn Sie der Verarbeitung f\u00fcr diese Zwecke widersprechen.<\/p>\n\n\n\n<p>Der Widerspruch kann formfrei erfolgen und sollte m\u00f6glichst gerichtet werden an<\/p>\n\n\n\n<p>http:\/\/www.youronlinechoices.com<\/p>\n\n\n\n<p><strong>Life Systems Medizintechnik-Service GmbH<br><\/strong>Konrad-Zuse-Ring 14a<br>41179 M\u00f6nchengladbach,<br>Tel.: +49 2 161 \u2013 4 66 60 24<br><a href=\"mailto:info@life-systems.de\">info@life-systems.de<\/a><\/p>\n\n\n\n<p>Unsere Datenschutzerkl\u00e4rung sowie die Information zum Datenschutz \u00fcber unsere Datenverarbeitung nach Artikel (Art.) 13, 14 und 21 DSGVO kann sich von Zeit zu Zeit \u00e4ndern. Alle \u00c4nderungen werden wir auf dieser Seite ver\u00f6ffentlichen. \u00c4ltere Versionen stellen wir Ihnen zur Einsicht in einem Archiv bereit.<\/p>\n","protected":false},"excerpt":{"rendered":"<p>Information zum Datenschutz \u00fcber unsere Datenverarbeitung nach Artikel (Art.) 13, 14 und 21 der Datenschutz-Grundverordnung (DSGVO). Wir &#8230;<\/p>\n","protected":false},"author":1,"featured_media":0,"parent":0,"menu_order":0,"comment_status":"closed","ping_status":"open","template":"page-law.php","meta":{"_acf_changed":false,"footnotes":""},"class_list":["post-3","page","type-page","status-publish","hentry"],"acf":[],"_links":{"self":[{"href":"https:\/\/www.sgp-digital.de\/ls\/wp-json\/wp\/v2\/pages\/3","targetHints":{"allow":["GET"]}}],"collection":[{"href":"https:\/\/www.sgp-digital.de\/ls\/wp-json\/wp\/v2\/pages"}],"about":[{"href":"https:\/\/www.sgp-digital.de\/ls\/wp-json\/wp\/v2\/types\/page"}],"author":[{"embeddable":true,"href":"https:\/\/www.sgp-digital.de\/ls\/wp-json\/wp\/v2\/users\/1"}],"replies":[{"embeddable":true,"href":"https:\/\/www.sgp-digital.de\/ls\/wp-json\/wp\/v2\/comments?post=3"}],"version-history":[{"count":3,"href":"https:\/\/www.sgp-digital.de\/ls\/wp-json\/wp\/v2\/pages\/3\/revisions"}],"predecessor-version":[{"id":780,"href":"https:\/\/www.sgp-digital.de\/ls\/wp-json\/wp\/v2\/pages\/3\/revisions\/780"}],"wp:attachment":[{"href":"https:\/\/www.sgp-digital.de\/ls\/wp-json\/wp\/v2\/media?parent=3"}],"curies":[{"name":"wp","href":"https:\/\/api.w.org\/{rel}","templated":true}]}}